{"id":2,"date":"2024-04-14T22:16:39","date_gmt":"2024-04-14T22:16:39","guid":{"rendered":"https:\/\/kingdom-of-albion.de\/?page_id=2"},"modified":"2024-04-15T00:06:05","modified_gmt":"2024-04-15T00:06:05","slug":"kapitel","status":"publish","type":"page","link":"https:\/\/kingdom-of-albion.de\/index.php\/kapitel\/","title":{"rendered":"Alle Kapitel"},"content":{"rendered":"<div class=\"wp-block-themeisle-blocks-posts-grid\" id=\"wp-block-themeisle-blocks-posts-grid-c388f149\"><div class=\"is-list\"><div class=\"o-posts-grid-post-blog o-posts-grid-post-plain\"><div class=\"o-posts-grid-post\"><div class=\"o-posts-grid-post-image\"><a href=\"https:\/\/kingdom-of-albion.de\/index.php\/2024\/04\/14\/die-ablenkung-6-lunet-242-mafuristag\/\"><img loading=\"lazy\" decoding=\"async\" width=\"1534\" height=\"502\" src=\"https:\/\/kingdom-of-albion.de\/wp-content\/uploads\/2024\/04\/CxWDNhvDW3rKSmT6_ybAX.png\" class=\"attachment-full size-full\" alt=\"Die Ablenkung &#8211; 6. Lunet 242, Mafuristag\" srcset=\"https:\/\/kingdom-of-albion.de\/wp-content\/uploads\/2024\/04\/CxWDNhvDW3rKSmT6_ybAX.png 1534w, https:\/\/kingdom-of-albion.de\/wp-content\/uploads\/2024\/04\/CxWDNhvDW3rKSmT6_ybAX-300x98.png 300w, https:\/\/kingdom-of-albion.de\/wp-content\/uploads\/2024\/04\/CxWDNhvDW3rKSmT6_ybAX-1024x335.png 1024w, https:\/\/kingdom-of-albion.de\/wp-content\/uploads\/2024\/04\/CxWDNhvDW3rKSmT6_ybAX-768x251.png 768w\" sizes=\"(max-width: 1534px) 100vw, 1534px\" \/><\/a><\/div><div class=\"o-posts-grid-post-body\"><span class=\"o-posts-grid-post-category\"><a href=\"https:\/\/kingdom-of-albion.de\/index.php\/category\/buch-1\/\">Buch 1<\/a><\/span><h4 class=\"o-posts-grid-post-title\"><a href=\"https:\/\/kingdom-of-albion.de\/index.php\/2024\/04\/14\/die-ablenkung-6-lunet-242-mafuristag\/\">Die Ablenkung &#8211; 6. Lunet 242, Mafuristag<\/a><\/h4><p class=\"o-posts-grid-post-meta\">Posted on <time datetime=\"2024-04-14T23:33:23+00:00\">April 14, 2024<\/time> by <a href=\"https:\/\/kingdom-of-albion.de\/index.php\/author\/kira\/\">Kira<\/a><\/p><div class=\"o-posts-grid-post-description\"><p>Z\u00f6gerlich setzte Kira ihren Rucksack ab und reichte den Pelzumhang der f\u00fclligen Frau, die ihr die T\u00fc\u2026<\/p><\/div><\/div><\/div><\/div><div class=\"o-posts-grid-post-blog o-posts-grid-post-plain\"><div class=\"o-posts-grid-post\"><div class=\"o-posts-grid-post-image\"><a href=\"https:\/\/kingdom-of-albion.de\/index.php\/2024\/04\/14\/ankommen-6-lunet-242-mafuristag\/\"><img loading=\"lazy\" decoding=\"async\" width=\"1024\" height=\"1024\" src=\"https:\/\/kingdom-of-albion.de\/wp-content\/uploads\/2024\/04\/dark-red-haired-girl-standing-with-her-back-to-the-viewer-amidst-an-indoor-garden-filled-with-oleand-790249804.jpeg\" class=\"attachment-full size-full\" alt=\"Ankommen &#8211; 6. Lunet 242, Mafuristag\" srcset=\"https:\/\/kingdom-of-albion.de\/wp-content\/uploads\/2024\/04\/dark-red-haired-girl-standing-with-her-back-to-the-viewer-amidst-an-indoor-garden-filled-with-oleand-790249804.jpeg 1024w, https:\/\/kingdom-of-albion.de\/wp-content\/uploads\/2024\/04\/dark-red-haired-girl-standing-with-her-back-to-the-viewer-amidst-an-indoor-garden-filled-with-oleand-790249804-300x300.jpeg 300w, https:\/\/kingdom-of-albion.de\/wp-content\/uploads\/2024\/04\/dark-red-haired-girl-standing-with-her-back-to-the-viewer-amidst-an-indoor-garden-filled-with-oleand-790249804-150x150.jpeg 150w, https:\/\/kingdom-of-albion.de\/wp-content\/uploads\/2024\/04\/dark-red-haired-girl-standing-with-her-back-to-the-viewer-amidst-an-indoor-garden-filled-with-oleand-790249804-768x768.jpeg 768w\" sizes=\"(max-width: 1024px) 100vw, 1024px\" \/><\/a><\/div><div class=\"o-posts-grid-post-body\"><span class=\"o-posts-grid-post-category\"><a href=\"https:\/\/kingdom-of-albion.de\/index.php\/category\/buch-1\/\">Buch 1<\/a><\/span><h4 class=\"o-posts-grid-post-title\"><a href=\"https:\/\/kingdom-of-albion.de\/index.php\/2024\/04\/14\/ankommen-6-lunet-242-mafuristag\/\">Ankommen &#8211; 6. Lunet 242, Mafuristag<\/a><\/h4><p class=\"o-posts-grid-post-meta\">Posted on <time datetime=\"2024-04-14T23:58:24+00:00\">April 14, 2024<\/time> by <a href=\"https:\/\/kingdom-of-albion.de\/index.php\/author\/kira\/\">Kira<\/a><\/p><div class=\"o-posts-grid-post-description\"><p>\u200b Magister Mitras \u00f6ffnete ihr die T\u00fcr. &#8222;P\u00fcnktlich. Gut.&#8220;, sagte er knapp, ehe er die T\u00fcr\u2026<\/p><\/div><\/div><\/div><\/div><div class=\"o-posts-grid-post-blog o-posts-grid-post-plain\"><div class=\"o-posts-grid-post\"><div class=\"o-posts-grid-post-image\"><a href=\"https:\/\/kingdom-of-albion.de\/index.php\/2024\/04\/15\/geschenktes-glueck-7-lunet-242-uldumstag\/\"><img loading=\"lazy\" decoding=\"async\" width=\"1024\" height=\"1024\" src=\"https:\/\/kingdom-of-albion.de\/wp-content\/uploads\/2024\/04\/18th-century-cityscape-viewed-from-an-aerial-perspective-cobblestone-streets-laid-out-with-precisio-194027821.jpeg\" class=\"attachment-full size-full\" alt=\"Geschenktes Gl\u00fcck &#8211; 7. Lunet 242 (Uldumstag)\" srcset=\"https:\/\/kingdom-of-albion.de\/wp-content\/uploads\/2024\/04\/18th-century-cityscape-viewed-from-an-aerial-perspective-cobblestone-streets-laid-out-with-precisio-194027821.jpeg 1024w, https:\/\/kingdom-of-albion.de\/wp-content\/uploads\/2024\/04\/18th-century-cityscape-viewed-from-an-aerial-perspective-cobblestone-streets-laid-out-with-precisio-194027821-300x300.jpeg 300w, https:\/\/kingdom-of-albion.de\/wp-content\/uploads\/2024\/04\/18th-century-cityscape-viewed-from-an-aerial-perspective-cobblestone-streets-laid-out-with-precisio-194027821-150x150.jpeg 150w, https:\/\/kingdom-of-albion.de\/wp-content\/uploads\/2024\/04\/18th-century-cityscape-viewed-from-an-aerial-perspective-cobblestone-streets-laid-out-with-precisio-194027821-768x768.jpeg 768w\" sizes=\"(max-width: 1024px) 100vw, 1024px\" \/><\/a><\/div><div class=\"o-posts-grid-post-body\"><span class=\"o-posts-grid-post-category\"><a href=\"https:\/\/kingdom-of-albion.de\/index.php\/category\/buch-1\/\">Buch 1<\/a><\/span><h4 class=\"o-posts-grid-post-title\"><a href=\"https:\/\/kingdom-of-albion.de\/index.php\/2024\/04\/15\/geschenktes-glueck-7-lunet-242-uldumstag\/\">Geschenktes Gl\u00fcck &#8211; 7. Lunet 242 (Uldumstag)<\/a><\/h4><p class=\"o-posts-grid-post-meta\">Posted on <time datetime=\"2024-04-15T00:14:50+00:00\">April 15, 2024<\/time> by <a href=\"https:\/\/kingdom-of-albion.de\/index.php\/author\/kira\/\">Kira<\/a><\/p><div class=\"o-posts-grid-post-description\"><p>Kira wachte davon auf, dass es still war. Viel zu still. Sie blinzelte. Drau\u00dfen war es bereits hell.\u2026<\/p><\/div><\/div><\/div><\/div><div class=\"o-posts-grid-post-blog o-posts-grid-post-plain\"><div class=\"o-posts-grid-post\"><div class=\"o-posts-grid-post-image\"><a href=\"https:\/\/kingdom-of-albion.de\/index.php\/2024\/04\/15\/plaene-7-lunet-uldumstag\/\"><img loading=\"lazy\" decoding=\"async\" width=\"1024\" height=\"1024\" src=\"https:\/\/kingdom-of-albion.de\/wp-content\/uploads\/2024\/11\/foorbie_httpss.mj_.run19HIfDYGpE0_httpss.mj_.runPyWnDQ_ldXY_Cre_a06d4cc8-81af-4c50-92d4-d9b938f16ed1_2.png\" class=\"attachment-full size-full\" alt=\"Pl\u00e4ne &#8211; 7. Lunet (Uldumstag)\" srcset=\"https:\/\/kingdom-of-albion.de\/wp-content\/uploads\/2024\/11\/foorbie_httpss.mj_.run19HIfDYGpE0_httpss.mj_.runPyWnDQ_ldXY_Cre_a06d4cc8-81af-4c50-92d4-d9b938f16ed1_2.png 1024w, https:\/\/kingdom-of-albion.de\/wp-content\/uploads\/2024\/11\/foorbie_httpss.mj_.run19HIfDYGpE0_httpss.mj_.runPyWnDQ_ldXY_Cre_a06d4cc8-81af-4c50-92d4-d9b938f16ed1_2-300x300.png 300w, https:\/\/kingdom-of-albion.de\/wp-content\/uploads\/2024\/11\/foorbie_httpss.mj_.run19HIfDYGpE0_httpss.mj_.runPyWnDQ_ldXY_Cre_a06d4cc8-81af-4c50-92d4-d9b938f16ed1_2-150x150.png 150w, https:\/\/kingdom-of-albion.de\/wp-content\/uploads\/2024\/11\/foorbie_httpss.mj_.run19HIfDYGpE0_httpss.mj_.runPyWnDQ_ldXY_Cre_a06d4cc8-81af-4c50-92d4-d9b938f16ed1_2-768x768.png 768w\" sizes=\"(max-width: 1024px) 100vw, 1024px\" \/><\/a><\/div><div class=\"o-posts-grid-post-body\"><span class=\"o-posts-grid-post-category\"><a href=\"https:\/\/kingdom-of-albion.de\/index.php\/category\/buch-1\/\">Buch 1<\/a><\/span><h4 class=\"o-posts-grid-post-title\"><a href=\"https:\/\/kingdom-of-albion.de\/index.php\/2024\/04\/15\/plaene-7-lunet-uldumstag\/\">Pl\u00e4ne &#8211; 7. Lunet (Uldumstag)<\/a><\/h4><p class=\"o-posts-grid-post-meta\">Posted on <time datetime=\"2024-04-15T00:16:24+00:00\">April 15, 2024<\/time> by <a href=\"https:\/\/kingdom-of-albion.de\/index.php\/author\/kira\/\">Kira<\/a><\/p><div class=\"o-posts-grid-post-description\"><p>Nachdem Abigail mit Kira aufgebrochen war, legte sich Mitras noch einmal f\u00fcr drei Stunden hin, wie e\u2026<\/p><\/div><\/div><\/div><\/div><div class=\"o-posts-grid-post-blog o-posts-grid-post-plain\"><div class=\"o-posts-grid-post\"><div class=\"o-posts-grid-post-body is-full\"><span class=\"o-posts-grid-post-category\"><a href=\"https:\/\/kingdom-of-albion.de\/index.php\/category\/buch-1\/\">Buch 1<\/a><\/span><h4 class=\"o-posts-grid-post-title\"><a href=\"https:\/\/kingdom-of-albion.de\/index.php\/2024\/04\/15\/fortschritt-8-lunet-242-ingastag\/\">Fortschritt &#8211; 8. Lunet 242 (Ingastag)<\/a><\/h4><p class=\"o-posts-grid-post-meta\">Posted on <time datetime=\"2024-04-15T00:17:18+00:00\">April 15, 2024<\/time> by <a href=\"https:\/\/kingdom-of-albion.de\/index.php\/author\/kira\/\">Kira<\/a><\/p><div class=\"o-posts-grid-post-description\"><p>Am n\u00e4chsten Morgen schlief Mitras fast bis halb neun. Als er zum Fr\u00fchst\u00fcck runterkam, stellte er fes\u2026<\/p><\/div><\/div><\/div><\/div><div class=\"o-posts-grid-post-blog o-posts-grid-post-plain\"><div class=\"o-posts-grid-post\"><div class=\"o-posts-grid-post-body is-full\"><span class=\"o-posts-grid-post-category\"><a href=\"https:\/\/kingdom-of-albion.de\/index.php\/category\/buch-1\/\">Buch 1<\/a><\/span><h4 class=\"o-posts-grid-post-title\"><a href=\"https:\/\/kingdom-of-albion.de\/index.php\/2024\/04\/15\/rueckschlaege-9-lunet-242-schengstag\/\">R\u00fcckschl\u00e4ge &#8211; 9. Lunet 242, Schengstag<\/a><\/h4><p class=\"o-posts-grid-post-meta\">Posted on <time datetime=\"2024-04-15T00:18:11+00:00\">April 15, 2024<\/time> by <a href=\"https:\/\/kingdom-of-albion.de\/index.php\/author\/kira\/\">Kira<\/a><\/p><div class=\"o-posts-grid-post-description\"><p>Als Mitras am n\u00e4chsten Tag erwachte, sp\u00fcrte er sofort, dass etwas nicht stimmte. Das Laden war reibu\u2026<\/p><\/div><\/div><\/div><\/div><div class=\"o-posts-grid-post-blog o-posts-grid-post-plain\"><div class=\"o-posts-grid-post\"><div class=\"o-posts-grid-post-body is-full\"><span class=\"o-posts-grid-post-category\"><a href=\"https:\/\/kingdom-of-albion.de\/index.php\/category\/buch-1\/\">Buch 1<\/a><\/span><h4 class=\"o-posts-grid-post-title\"><a href=\"https:\/\/kingdom-of-albion.de\/index.php\/2024\/04\/15\/familienbande-10-lunet-242-silenz\/\">Familienbande &#8211; 10. Lunet 242 (Silenz)<\/a><\/h4><p class=\"o-posts-grid-post-meta\">Posted on <time datetime=\"2024-04-15T00:24:38+00:00\">April 15, 2024<\/time> by <a href=\"https:\/\/kingdom-of-albion.de\/index.php\/author\/kira\/\">Kira<\/a><\/p><div class=\"o-posts-grid-post-description\"><p>\u200b Kira wachte um halb sieben auf, wie sie feststellen konnte, sobald die Lampe hell genug leuchtete.\u2026<\/p><\/div><\/div><\/div><\/div><div class=\"o-posts-grid-post-blog o-posts-grid-post-plain\"><div class=\"o-posts-grid-post\"><div class=\"o-posts-grid-post-body is-full\"><span class=\"o-posts-grid-post-category\"><a href=\"https:\/\/kingdom-of-albion.de\/index.php\/category\/buch-1\/\">Buch 1<\/a><\/span><h4 class=\"o-posts-grid-post-title\"><a href=\"https:\/\/kingdom-of-albion.de\/index.php\/2024\/04\/15\/lichtblitze-11-12-lunet-242-mirastag-mafuristag\/\">Lichtblitze &#8211; 11.+12. Lunet 242 (Mirastag\/Mafuristag)<\/a><\/h4><p class=\"o-posts-grid-post-meta\">Posted on <time datetime=\"2024-04-15T00:25:24+00:00\">April 15, 2024<\/time> by <a href=\"https:\/\/kingdom-of-albion.de\/index.php\/author\/kira\/\">Kira<\/a><\/p><div class=\"o-posts-grid-post-description\"><p>\u200b Kira wachte am n\u00e4chsten Tag wieder gegen sieben Uhr drei\u00dfig auf. Offenbar hatte sich ihr K\u00f6rper an\u2026<\/p><\/div><\/div><\/div><\/div><div class=\"o-posts-grid-post-blog o-posts-grid-post-plain\"><div class=\"o-posts-grid-post\"><div class=\"o-posts-grid-post-image\"><a href=\"https:\/\/kingdom-of-albion.de\/index.php\/2024\/04\/15\/uldums-gassen-13-lunet-242-uldumstag\/\"><img loading=\"lazy\" decoding=\"async\" width=\"1542\" height=\"1125\" src=\"https:\/\/kingdom-of-albion.de\/wp-content\/uploads\/2024\/04\/uldum.png\" class=\"attachment-full size-full\" alt=\"Uldums Gassen &#8211; 13. Lunet 242 (Uldumstag)\" srcset=\"https:\/\/kingdom-of-albion.de\/wp-content\/uploads\/2024\/04\/uldum.png 1542w, https:\/\/kingdom-of-albion.de\/wp-content\/uploads\/2024\/04\/uldum-300x219.png 300w, https:\/\/kingdom-of-albion.de\/wp-content\/uploads\/2024\/04\/uldum-1024x747.png 1024w, https:\/\/kingdom-of-albion.de\/wp-content\/uploads\/2024\/04\/uldum-768x560.png 768w, https:\/\/kingdom-of-albion.de\/wp-content\/uploads\/2024\/04\/uldum-1536x1121.png 1536w\" sizes=\"(max-width: 1542px) 100vw, 1542px\" \/><\/a><\/div><div class=\"o-posts-grid-post-body\"><span class=\"o-posts-grid-post-category\"><a href=\"https:\/\/kingdom-of-albion.de\/index.php\/category\/buch-1\/\">Buch 1<\/a><\/span><h4 class=\"o-posts-grid-post-title\"><a href=\"https:\/\/kingdom-of-albion.de\/index.php\/2024\/04\/15\/uldums-gassen-13-lunet-242-uldumstag\/\">Uldums Gassen &#8211; 13. Lunet 242 (Uldumstag)<\/a><\/h4><p class=\"o-posts-grid-post-meta\">Posted on <time datetime=\"2024-04-15T00:26:01+00:00\">April 15, 2024<\/time> by <a href=\"https:\/\/kingdom-of-albion.de\/index.php\/author\/kira\/\">Kira<\/a><\/p><div class=\"o-posts-grid-post-description\"><p>Kira erwachte v\u00f6llig zerschlagen. Sie war in ihrer gesamten Kleidung eingeschlafen, hatte sich in de\u2026<\/p><\/div><\/div><\/div><\/div><div class=\"o-posts-grid-post-blog o-posts-grid-post-plain\"><div class=\"o-posts-grid-post\"><div class=\"o-posts-grid-post-body is-full\"><span class=\"o-posts-grid-post-category\"><a href=\"https:\/\/kingdom-of-albion.de\/index.php\/category\/buch-1\/\">Buch 1<\/a><\/span><h4 class=\"o-posts-grid-post-title\"><a href=\"https:\/\/kingdom-of-albion.de\/index.php\/2024\/04\/15\/forschungsfragen-13-lunet-242-uldumstag\/\">Forschungsfragen &#8211; 13. Lunet 242 (Uldumstag)<\/a><\/h4><p class=\"o-posts-grid-post-meta\">Posted on <time datetime=\"2024-04-15T00:26:38+00:00\">April 15, 2024<\/time> by <a href=\"https:\/\/kingdom-of-albion.de\/index.php\/author\/kira\/\">Kira<\/a><\/p><div class=\"o-posts-grid-post-description\"><p>Nachdem er das Fr\u00fchst\u00fcck beendet hatte, war er schlafen gegangen, doch heute war ihm keine Ruhe verg\u2026<\/p><\/div><\/div><\/div><\/div><div class=\"o-posts-grid-post-blog o-posts-grid-post-plain\"><div class=\"o-posts-grid-post\"><div class=\"o-posts-grid-post-body is-full\"><span class=\"o-posts-grid-post-category\"><a href=\"https:\/\/kingdom-of-albion.de\/index.php\/category\/buch-1\/\">Buch 1<\/a><\/span><h4 class=\"o-posts-grid-post-title\"><a href=\"https:\/\/kingdom-of-albion.de\/index.php\/2024\/04\/15\/alte-fehden-14-lunet-ingastag\/\">Alte Fehden &#8211; 14.Lunet (Ingastag)<\/a><\/h4><p class=\"o-posts-grid-post-meta\">Posted on <time datetime=\"2024-04-15T00:27:22+00:00\">April 15, 2024<\/time> by <a href=\"https:\/\/kingdom-of-albion.de\/index.php\/author\/kira\/\">Kira<\/a><\/p><div class=\"o-posts-grid-post-description\"><p>Am n\u00e4chsten Tag erwachte Kira bereits fr\u00fch, was nicht so verwunderlich war, sie war auch zeitig ins \u2026<\/p><\/div><\/div><\/div><\/div><div class=\"o-posts-grid-post-blog o-posts-grid-post-plain\"><div class=\"o-posts-grid-post\"><div class=\"o-posts-grid-post-body is-full\"><span class=\"o-posts-grid-post-category\"><a href=\"https:\/\/kingdom-of-albion.de\/index.php\/category\/buch-1\/\">Buch 1<\/a><\/span><h4 class=\"o-posts-grid-post-title\"><a href=\"https:\/\/kingdom-of-albion.de\/index.php\/2024\/04\/15\/die-grenzen-meiner-sprache-14-lunet-ingastag\/\">Die Grenzen meiner Sprache &#8211; 14. Lunet (Ingastag)<\/a><\/h4><p class=\"o-posts-grid-post-meta\">Posted on <time datetime=\"2024-04-15T00:27:47+00:00\">April 15, 2024<\/time> by <a href=\"https:\/\/kingdom-of-albion.de\/index.php\/author\/kira\/\">Kira<\/a><\/p><div class=\"o-posts-grid-post-description\"><p>Kira hatte den Tag mit der Lekt\u00fcre von &#8222;Wort und Sinn&#8220; verbracht. Sie brannte darauf, mi\u2026<\/p><\/div><\/div><\/div><\/div><div class=\"o-posts-grid-post-blog o-posts-grid-post-plain\"><div class=\"o-posts-grid-post\"><div class=\"o-posts-grid-post-body is-full\"><span class=\"o-posts-grid-post-category\"><a href=\"https:\/\/kingdom-of-albion.de\/index.php\/category\/buch-1\/\">Buch 1<\/a><\/span><h4 class=\"o-posts-grid-post-title\"><a href=\"https:\/\/kingdom-of-albion.de\/index.php\/2024\/04\/15\/von-magie-und-metallen-15-lunet-18-lunet-mafuristag\/\">Von Magie und Metallen\u00a0 &#8211; 15. Lunet &#8211; 18. Lunet (Mafuristag)<\/a><\/h4><p class=\"o-posts-grid-post-meta\">Posted on <time datetime=\"2024-04-15T00:28:20+00:00\">April 15, 2024<\/time> by <a href=\"https:\/\/kingdom-of-albion.de\/index.php\/author\/kira\/\">Kira<\/a><\/p><div class=\"o-posts-grid-post-description\"><p>Tats\u00e4chlich wachte sie am n\u00e4chsten Morgen fr\u00fch genug auf, um eine kleine Runde durch das Viertel zu \u2026<\/p><\/div><\/div><\/div><\/div><div class=\"o-posts-grid-post-blog o-posts-grid-post-plain\"><div class=\"o-posts-grid-post\"><div class=\"o-posts-grid-post-body is-full\"><span class=\"o-posts-grid-post-category\"><a href=\"https:\/\/kingdom-of-albion.de\/index.php\/category\/buch-2\/\">Buch 2<\/a><\/span><h4 class=\"o-posts-grid-post-title\"><a href=\"https:\/\/kingdom-of-albion.de\/index.php\/2024\/05\/21\/schimmern-19-lunet-242-uldumstag\/\">Schimmern &#8211; 19. Lunet 242 (Uldumstag)<\/a><\/h4><p class=\"o-posts-grid-post-meta\">Posted on <time datetime=\"2024-05-21T15:32:54+00:00\">Mai 21, 2024<\/time> by <a href=\"https:\/\/kingdom-of-albion.de\/index.php\/author\/kira\/\">Kira<\/a><\/p><div class=\"o-posts-grid-post-description\"><p>Die Zeit bis zum n\u00e4chsten Uldumstag, an dem Mitras mit ihr das erste Mal&nbsp; das Kanalisieren \u00fcben\u2026<\/p><\/div><\/div><\/div><\/div><div class=\"o-posts-grid-post-blog o-posts-grid-post-plain\"><div class=\"o-posts-grid-post\"><div class=\"o-posts-grid-post-body is-full\"><span class=\"o-posts-grid-post-category\"><a href=\"https:\/\/kingdom-of-albion.de\/index.php\/category\/buch-2\/\">Buch 2<\/a><\/span><h4 class=\"o-posts-grid-post-title\"><a href=\"https:\/\/kingdom-of-albion.de\/index.php\/2024\/05\/26\/helfende-hand-20-und-21-lunet-242-ingas-und-schengstag\/\">Helfende Hand &#8211;\u00a020. und 21. Lunet 242 (Ingas und Schengstag)<\/a><\/h4><p class=\"o-posts-grid-post-meta\">Posted on <time datetime=\"2024-05-26T15:33:58+00:00\">Mai 26, 2024<\/time> by <a href=\"https:\/\/kingdom-of-albion.de\/index.php\/author\/kira\/\">Kira<\/a><\/p><div class=\"o-posts-grid-post-description\"><p>Am n\u00e4chsten Nachmittag erbat sich Kira, in die Stadt gehen zu d\u00fcrfen. Eigentlich hatte sie sich gest\u2026<\/p><\/div><\/div><\/div><\/div><div class=\"o-posts-grid-post-blog o-posts-grid-post-plain\"><div class=\"o-posts-grid-post\"><div class=\"o-posts-grid-post-body is-full\"><span class=\"o-posts-grid-post-category\"><a href=\"https:\/\/kingdom-of-albion.de\/index.php\/category\/buch-2\/\">Buch 2<\/a><\/span><h4 class=\"o-posts-grid-post-title\"><a href=\"https:\/\/kingdom-of-albion.de\/index.php\/2024\/06\/02\/uldum-im-winter-22-lunet-242-silenz\/\">Uldum im Winter &#8211; 22. Lunet 242 (Silenz)<\/a><\/h4><p class=\"o-posts-grid-post-meta\">Posted on <time datetime=\"2024-06-02T15:35:45+00:00\">Juni 2, 2024<\/time> by <a href=\"https:\/\/kingdom-of-albion.de\/index.php\/author\/kira\/\">Kira<\/a><\/p><div class=\"o-posts-grid-post-description\"><p>Mitras erwachte am n\u00e4chsten Morgen v\u00f6llig erholt. Er konnte sich nicht erinnern, wann er das letzte \u2026<\/p><\/div><\/div><\/div><\/div><div class=\"o-posts-grid-post-blog o-posts-grid-post-plain\"><div class=\"o-posts-grid-post\"><div class=\"o-posts-grid-post-body is-full\"><span class=\"o-posts-grid-post-category\"><a href=\"https:\/\/kingdom-of-albion.de\/index.php\/category\/buch-2\/\">Buch 2<\/a><\/span><h4 class=\"o-posts-grid-post-title\"><a href=\"https:\/\/kingdom-of-albion.de\/index.php\/2024\/06\/09\/zur-forschung-geruestet-24-lunet-242-mafuristag\/\">Zur Forschung ger\u00fcstet &#8211; 24. Lunet 242 (Mafuristag)<\/a><\/h4><p class=\"o-posts-grid-post-meta\">Posted on <time datetime=\"2024-06-09T15:36:29+00:00\">Juni 9, 2024<\/time> by <a href=\"https:\/\/kingdom-of-albion.de\/index.php\/author\/kira\/\">Kira<\/a><\/p><div class=\"o-posts-grid-post-description\"><p>Als Kira am n\u00e4chsten Morgen aufwachte, bemerkte sie als erstes, dass sie ihre Robe noch trug und als\u2026<\/p><\/div><\/div><\/div><\/div><div class=\"o-posts-grid-post-blog o-posts-grid-post-plain\"><div class=\"o-posts-grid-post\"><div class=\"o-posts-grid-post-body is-full\"><span class=\"o-posts-grid-post-category\"><a href=\"https:\/\/kingdom-of-albion.de\/index.php\/category\/buch-2\/\">Buch 2<\/a><\/span><h4 class=\"o-posts-grid-post-title\"><a href=\"https:\/\/kingdom-of-albion.de\/index.php\/2024\/06\/16\/der-geschmack-von-angst-25-lunet-242-uldumstag\/\">Der Geschmack von Angst &#8211; 25. Lunet 242 (Uldumstag)<\/a><\/h4><p class=\"o-posts-grid-post-meta\">Posted on <time datetime=\"2024-06-16T15:37:06+00:00\">Juni 16, 2024<\/time> by <a href=\"https:\/\/kingdom-of-albion.de\/index.php\/author\/kira\/\">Kira<\/a><\/p><div class=\"o-posts-grid-post-description\"><p>Am n\u00e4chsten Morgen konnte Kira beim Fr\u00fchst\u00fcck beinahe nichts essen, so aufgeregt war sie. Sie hatte \u2026<\/p><\/div><\/div><\/div><\/div><div class=\"o-posts-grid-post-blog o-posts-grid-post-plain\"><div class=\"o-posts-grid-post\"><div class=\"o-posts-grid-post-body is-full\"><span class=\"o-posts-grid-post-category\"><a href=\"https:\/\/kingdom-of-albion.de\/index.php\/category\/buch-2\/\">Buch 2<\/a><\/span><h4 class=\"o-posts-grid-post-title\"><a href=\"https:\/\/kingdom-of-albion.de\/index.php\/2024\/07\/17\/verzweiflung-26-28-lunet\/\">Verzweiflung &#8211; 26. &#8211; 28. Lunet<\/a><\/h4><p class=\"o-posts-grid-post-meta\">Posted on <time datetime=\"2024-07-17T21:01:43+00:00\">Juli 17, 2024<\/time> by <a href=\"https:\/\/kingdom-of-albion.de\/index.php\/author\/kira\/\">Kira<\/a><\/p><div class=\"o-posts-grid-post-description\"><p>Am n\u00e4chsten Tag war Mitras fr\u00fch auf den Beinen. Der Gedanke daran, was Kira f\u00fcr eine r\u00fccksichtslose \u2026<\/p><\/div><\/div><\/div><\/div><div class=\"o-posts-grid-post-blog o-posts-grid-post-plain\"><div class=\"o-posts-grid-post\"><div class=\"o-posts-grid-post-body is-full\"><span class=\"o-posts-grid-post-category\"><a href=\"https:\/\/kingdom-of-albion.de\/index.php\/category\/buch-2\/\">Buch 2<\/a><\/span><h4 class=\"o-posts-grid-post-title\"><a href=\"https:\/\/kingdom-of-albion.de\/index.php\/2024\/07\/21\/das-rauschen-des-windes-29-lunet-silenz\/\">Das Rauschen des Windes &#8211; 29. Lunet (Silenz)<\/a><\/h4><p class=\"o-posts-grid-post-meta\">Posted on <time datetime=\"2024-07-21T21:02:36+00:00\">Juli 21, 2024<\/time> by <a href=\"https:\/\/kingdom-of-albion.de\/index.php\/author\/kira\/\">Kira<\/a><\/p><div class=\"o-posts-grid-post-description\"><p>Kira erschien wieder nicht zum Fr\u00fchst\u00fcck und so langsam machte sich auch Mitras etwas Sorgen um sie.\u2026<\/p><\/div><\/div><\/div><\/div><div class=\"o-posts-grid-post-blog o-posts-grid-post-plain\"><div class=\"o-posts-grid-post\"><div class=\"o-posts-grid-post-body is-full\"><span class=\"o-posts-grid-post-category\"><a href=\"https:\/\/kingdom-of-albion.de\/index.php\/category\/buch-2\/\">Buch 2<\/a><\/span><h4 class=\"o-posts-grid-post-title\"><a href=\"https:\/\/kingdom-of-albion.de\/index.php\/2024\/08\/12\/im-schatten-der-heimat-30-lunet-mafuristag\/\">\u200bIm Schatten der Heimat 30. Lunet (Mafuristag)<\/a><\/h4><p class=\"o-posts-grid-post-meta\">Posted on <time datetime=\"2024-08-12T14:22:05+00:00\">August 12, 2024<\/time> by <a href=\"https:\/\/kingdom-of-albion.de\/index.php\/author\/kira\/\">Kira<\/a><\/p><div class=\"o-posts-grid-post-description\"><p>Am n\u00e4chsten Morgen wachte Kira erst auf, als es bereits hell war. Ihr Kopf f\u00fchlte sich v\u00f6llig zersch\u2026<\/p><\/div><\/div><\/div><\/div><div class=\"o-posts-grid-post-blog o-posts-grid-post-plain\"><div class=\"o-posts-grid-post\"><div class=\"o-posts-grid-post-body is-full\"><span class=\"o-posts-grid-post-category\"><a href=\"https:\/\/kingdom-of-albion.de\/index.php\/category\/buch-2\/\">Buch 2<\/a><\/span><h4 class=\"o-posts-grid-post-title\"><a href=\"https:\/\/kingdom-of-albion.de\/index.php\/2024\/08\/18\/das-gute-in-allem-1-lunar-242-uldumstag\/\">Das Gute in allem &#8211; 1. Lunar 242 (Uldumstag)<\/a><\/h4><p class=\"o-posts-grid-post-meta\">Posted on <time datetime=\"2024-08-18T14:23:20+00:00\">August 18, 2024<\/time> by <a href=\"https:\/\/kingdom-of-albion.de\/index.php\/author\/kira\/\">Kira<\/a><\/p><div class=\"o-posts-grid-post-description\"><p>&#8222;Man kann sie verbrennen, so wie fr\u00fcher!&#8220; &#8222;Lauretta, sie ist deine Tochter!&#8220;\u2026<\/p><\/div><\/div><\/div><\/div><div class=\"o-posts-grid-post-blog o-posts-grid-post-plain\"><div class=\"o-posts-grid-post\"><div class=\"o-posts-grid-post-body is-full\"><span class=\"o-posts-grid-post-category\"><a href=\"https:\/\/kingdom-of-albion.de\/index.php\/category\/buch-2\/\">Buch 2<\/a><\/span><h4 class=\"o-posts-grid-post-title\"><a href=\"https:\/\/kingdom-of-albion.de\/index.php\/2024\/08\/25\/alte-rechnungen-7-lunar-242-uldumstag\/\">Alte Rechnungen 7. Lunar 242 (Uldumstag)<\/a><\/h4><p class=\"o-posts-grid-post-meta\">Posted on <time datetime=\"2024-08-25T14:26:08+00:00\">August 25, 2024<\/time> by <a href=\"https:\/\/kingdom-of-albion.de\/index.php\/author\/kira\/\">Kira<\/a><\/p><div class=\"o-posts-grid-post-description\"><p>Der Rest der Woche verging mit \u00dcbungen zur Telekinese, Lernen der Theorie, Mathe, Physik, Geschichte\u2026<\/p><\/div><\/div><\/div><\/div><div class=\"o-posts-grid-post-blog o-posts-grid-post-plain\"><div class=\"o-posts-grid-post\"><div class=\"o-posts-grid-post-image\"><a href=\"https:\/\/kingdom-of-albion.de\/index.php\/2024\/09\/01\/schwebend-voran-11-lunar-242\/\"><img loading=\"lazy\" decoding=\"async\" width=\"1024\" height=\"1024\" src=\"https:\/\/kingdom-of-albion.de\/wp-content\/uploads\/2024\/11\/foorbie_httpss.mj_.runt_bb76BRnfA_httpss.mj_.runPyWnDQ_ldXY_Thi_21114835-005d-4b7a-9c10-6e456d8ecbd0_2.png\" class=\"attachment-full size-full\" alt=\"Schwebend voran- 11. Lunar 242\" srcset=\"https:\/\/kingdom-of-albion.de\/wp-content\/uploads\/2024\/11\/foorbie_httpss.mj_.runt_bb76BRnfA_httpss.mj_.runPyWnDQ_ldXY_Thi_21114835-005d-4b7a-9c10-6e456d8ecbd0_2.png 1024w, https:\/\/kingdom-of-albion.de\/wp-content\/uploads\/2024\/11\/foorbie_httpss.mj_.runt_bb76BRnfA_httpss.mj_.runPyWnDQ_ldXY_Thi_21114835-005d-4b7a-9c10-6e456d8ecbd0_2-300x300.png 300w, https:\/\/kingdom-of-albion.de\/wp-content\/uploads\/2024\/11\/foorbie_httpss.mj_.runt_bb76BRnfA_httpss.mj_.runPyWnDQ_ldXY_Thi_21114835-005d-4b7a-9c10-6e456d8ecbd0_2-150x150.png 150w, https:\/\/kingdom-of-albion.de\/wp-content\/uploads\/2024\/11\/foorbie_httpss.mj_.runt_bb76BRnfA_httpss.mj_.runPyWnDQ_ldXY_Thi_21114835-005d-4b7a-9c10-6e456d8ecbd0_2-768x768.png 768w\" sizes=\"(max-width: 1024px) 100vw, 1024px\" \/><\/a><\/div><div class=\"o-posts-grid-post-body\"><span class=\"o-posts-grid-post-category\"><a href=\"https:\/\/kingdom-of-albion.de\/index.php\/category\/buch-2\/\">Buch 2<\/a><\/span><h4 class=\"o-posts-grid-post-title\"><a href=\"https:\/\/kingdom-of-albion.de\/index.php\/2024\/09\/01\/schwebend-voran-11-lunar-242\/\">Schwebend voran- 11. Lunar 242<\/a><\/h4><p class=\"o-posts-grid-post-meta\">Posted on <time datetime=\"2024-09-01T14:26:54+00:00\">September 1, 2024<\/time> by <a href=\"https:\/\/kingdom-of-albion.de\/index.php\/author\/kira\/\">Kira<\/a><\/p><div class=\"o-posts-grid-post-description\"><p>Am n\u00e4chsten Mirastag gelang Kira endlich, die Kugel anzuheben und so gezielt im Kreis schweben zu la\u2026<\/p><\/div><\/div><\/div><\/div><div class=\"o-posts-grid-post-blog o-posts-grid-post-plain\"><div class=\"o-posts-grid-post\"><div class=\"o-posts-grid-post-image\"><a href=\"https:\/\/kingdom-of-albion.de\/index.php\/2024\/11\/22\/unter-die-hufe-der-presse-13-lunar-uldumstag-16-lunar-silenz-242\/\"><img loading=\"lazy\" decoding=\"async\" width=\"1024\" height=\"1024\" src=\"https:\/\/kingdom-of-albion.de\/wp-content\/uploads\/2024\/11\/foorbie_httpss.mj_.runkzrvoWlK2AY_httpss.mj_.runqL9tUj3HTiE_her_13e17223-1ca2-4d9e-bf20-7882fbe80ca0_01.png\" class=\"attachment-full size-full\" alt=\"Unter die Hufe der Presse &#8211; 13. Lunar (Uldumstag) &#8211; 16. Lunar (Silenz) 242\" srcset=\"https:\/\/kingdom-of-albion.de\/wp-content\/uploads\/2024\/11\/foorbie_httpss.mj_.runkzrvoWlK2AY_httpss.mj_.runqL9tUj3HTiE_her_13e17223-1ca2-4d9e-bf20-7882fbe80ca0_01.png 1024w, https:\/\/kingdom-of-albion.de\/wp-content\/uploads\/2024\/11\/foorbie_httpss.mj_.runkzrvoWlK2AY_httpss.mj_.runqL9tUj3HTiE_her_13e17223-1ca2-4d9e-bf20-7882fbe80ca0_01-300x300.png 300w, https:\/\/kingdom-of-albion.de\/wp-content\/uploads\/2024\/11\/foorbie_httpss.mj_.runkzrvoWlK2AY_httpss.mj_.runqL9tUj3HTiE_her_13e17223-1ca2-4d9e-bf20-7882fbe80ca0_01-150x150.png 150w, https:\/\/kingdom-of-albion.de\/wp-content\/uploads\/2024\/11\/foorbie_httpss.mj_.runkzrvoWlK2AY_httpss.mj_.runqL9tUj3HTiE_her_13e17223-1ca2-4d9e-bf20-7882fbe80ca0_01-768x768.png 768w\" sizes=\"(max-width: 1024px) 100vw, 1024px\" \/><\/a><\/div><div class=\"o-posts-grid-post-body\"><span class=\"o-posts-grid-post-category\"><a href=\"https:\/\/kingdom-of-albion.de\/index.php\/category\/buch-2\/\">Buch 2<\/a><\/span><h4 class=\"o-posts-grid-post-title\"><a href=\"https:\/\/kingdom-of-albion.de\/index.php\/2024\/11\/22\/unter-die-hufe-der-presse-13-lunar-uldumstag-16-lunar-silenz-242\/\">Unter die Hufe der Presse &#8211; 13. Lunar (Uldumstag) &#8211; 16. Lunar (Silenz) 242<\/a><\/h4><p class=\"o-posts-grid-post-meta\">Posted on <time datetime=\"2024-11-22T23:19:03+00:00\">November 22, 2024<\/time> by <a href=\"https:\/\/kingdom-of-albion.de\/index.php\/author\/foorbie-wpadmin\/\">admin<\/a><\/p><div class=\"o-posts-grid-post-description\"><p>Am Uldumstag ging Kira zuerst zu Clopenbargs und kaufte die Fliege, die ihr schon bei ihrer ersten E\u2026<\/p><\/div><\/div><\/div><\/div><div class=\"o-posts-grid-post-blog o-posts-grid-post-plain\"><div class=\"o-posts-grid-post\"><div class=\"o-posts-grid-post-body is-full\"><span class=\"o-posts-grid-post-category\"><a href=\"https:\/\/kingdom-of-albion.de\/index.php\/category\/buch-2\/\">Buch 2<\/a><\/span><h4 class=\"o-posts-grid-post-title\"><a href=\"https:\/\/kingdom-of-albion.de\/index.php\/2024\/12\/09\/gesellschaften-17-lunar-25-lunar-242\/\">Gesellschaften- 17. Lunar &#8211; 25. Lunar 242<\/a><\/h4><p class=\"o-posts-grid-post-meta\">Posted on <time datetime=\"2024-12-09T18:35:46+00:00\">Dezember 9, 2024<\/time> by <a href=\"https:\/\/kingdom-of-albion.de\/index.php\/author\/foorbie-wpadmin\/\">admin<\/a><\/p><div class=\"o-posts-grid-post-description\"><p>In der folgenden Woche \u00fcbte Kira mit Mitras die verschiedenen Varianten der Bewegungszauber. Schwebe\u2026<\/p><\/div><\/div><\/div><\/div><div class=\"o-posts-grid-post-blog o-posts-grid-post-plain\"><div class=\"o-posts-grid-post\"><div class=\"o-posts-grid-post-body is-full\"><span class=\"o-posts-grid-post-category\"><a href=\"https:\/\/kingdom-of-albion.de\/index.php\/category\/buch-2\/\">Buch 2<\/a><\/span><h4 class=\"o-posts-grid-post-title\"><a href=\"https:\/\/kingdom-of-albion.de\/index.php\/2024\/12\/15\/ganz-nach-protokoll-27-lunar-242\/\">Ganz nach Protokoll &#8211; 27. Lunar 242<\/a><\/h4><p class=\"o-posts-grid-post-meta\">Posted on <time datetime=\"2024-12-15T18:35:56+00:00\">Dezember 15, 2024<\/time> by <a href=\"https:\/\/kingdom-of-albion.de\/index.php\/author\/foorbie-wpadmin\/\">admin<\/a><\/p><div class=\"o-posts-grid-post-description\"><p>Am Schengstag scheuchte Abigail Kira schon fr\u00fch herum, um sie zu baden und ihr die Haare zu b\u00fcrsten.\u2026<\/p><\/div><\/div><\/div><\/div><div class=\"o-posts-grid-post-blog o-posts-grid-post-plain\"><div class=\"o-posts-grid-post\"><div class=\"o-posts-grid-post-body is-full\"><span class=\"o-posts-grid-post-category\"><a href=\"https:\/\/kingdom-of-albion.de\/index.php\/category\/buch-2\/\">Buch 2<\/a><\/span><h4 class=\"o-posts-grid-post-title\"><a href=\"https:\/\/kingdom-of-albion.de\/index.php\/2024\/12\/22\/eichhoernchen-29-lunar-242\/\">Eichh\u00f6rnchen &#8211; 29. Lunar 242<\/a><\/h4><p class=\"o-posts-grid-post-meta\">Posted on <time datetime=\"2024-12-22T18:36:30+00:00\">Dezember 22, 2024<\/time> by <a href=\"https:\/\/kingdom-of-albion.de\/index.php\/author\/foorbie-wpadmin\/\">admin<\/a><\/p><div class=\"o-posts-grid-post-description\"><p>Nachdem sie von Herzog di Pinzon wieder zuhause waren, er\u00f6ffnete Mitras ihr, dass sie von ihm Mathem\u2026<\/p><\/div><\/div><\/div><\/div><div class=\"o-posts-grid-post-blog o-posts-grid-post-plain\"><div class=\"o-posts-grid-post\"><div class=\"o-posts-grid-post-body is-full\"><span class=\"o-posts-grid-post-category\"><a href=\"https:\/\/kingdom-of-albion.de\/index.php\/category\/buch-2\/\">Buch 2<\/a><\/span><h4 class=\"o-posts-grid-post-title\"><a href=\"https:\/\/kingdom-of-albion.de\/index.php\/2024\/12\/29\/curriculum-nach-di-pinzon-29-lunar-242-mirastag\/\">Curriculum nach di Pinzon &#8211; 29. Lunar 242 (Mirastag)<\/a><\/h4><p class=\"o-posts-grid-post-meta\">Posted on <time datetime=\"2024-12-29T18:36:56+00:00\">Dezember 29, 2024<\/time> by <a href=\"https:\/\/kingdom-of-albion.de\/index.php\/author\/foorbie-wpadmin\/\">admin<\/a><\/p><div class=\"o-posts-grid-post-description\"><p>Nach der Meditationsstunde f\u00fchlte er selbst sich wieder ruhiger und auch Kira schien es gut getan zu\u2026<\/p><\/div><\/div><\/div><\/div><div class=\"o-posts-grid-post-blog o-posts-grid-post-plain\"><div class=\"o-posts-grid-post\"><div class=\"o-posts-grid-post-image\"><a href=\"https:\/\/kingdom-of-albion.de\/index.php\/2025\/01\/05\/zick-zack-30-lunar-242-mafuristag\/\"><img loading=\"lazy\" decoding=\"async\" width=\"1232\" height=\"928\" src=\"https:\/\/kingdom-of-albion.de\/wp-content\/uploads\/2025\/01\/foorbie_httpss.mj_.runBGSDyXfSe_A_httpss.mj_.runsH_1mPaTLKU_htt_9fea7233-2559-4ff1-8cb6-6517e3ffdc83_3.png\" class=\"attachment-full size-full\" alt=\"Zick-Zack &#8211; 30. Lunar 242 (Mafuristag)\" srcset=\"https:\/\/kingdom-of-albion.de\/wp-content\/uploads\/2025\/01\/foorbie_httpss.mj_.runBGSDyXfSe_A_httpss.mj_.runsH_1mPaTLKU_htt_9fea7233-2559-4ff1-8cb6-6517e3ffdc83_3.png 1232w, https:\/\/kingdom-of-albion.de\/wp-content\/uploads\/2025\/01\/foorbie_httpss.mj_.runBGSDyXfSe_A_httpss.mj_.runsH_1mPaTLKU_htt_9fea7233-2559-4ff1-8cb6-6517e3ffdc83_3-300x226.png 300w, https:\/\/kingdom-of-albion.de\/wp-content\/uploads\/2025\/01\/foorbie_httpss.mj_.runBGSDyXfSe_A_httpss.mj_.runsH_1mPaTLKU_htt_9fea7233-2559-4ff1-8cb6-6517e3ffdc83_3-1024x771.png 1024w, https:\/\/kingdom-of-albion.de\/wp-content\/uploads\/2025\/01\/foorbie_httpss.mj_.runBGSDyXfSe_A_httpss.mj_.runsH_1mPaTLKU_htt_9fea7233-2559-4ff1-8cb6-6517e3ffdc83_3-768x578.png 768w\" sizes=\"(max-width: 1232px) 100vw, 1232px\" \/><\/a><\/div><div class=\"o-posts-grid-post-body\"><span class=\"o-posts-grid-post-category\"><a href=\"https:\/\/kingdom-of-albion.de\/index.php\/category\/buch-2\/\">Buch 2<\/a><\/span><h4 class=\"o-posts-grid-post-title\"><a href=\"https:\/\/kingdom-of-albion.de\/index.php\/2025\/01\/05\/zick-zack-30-lunar-242-mafuristag\/\">Zick-Zack &#8211; 30. Lunar 242 (Mafuristag)<\/a><\/h4><p class=\"o-posts-grid-post-meta\">Posted on <time datetime=\"2025-01-05T18:37:22+00:00\">Januar 5, 2025<\/time> by <a href=\"https:\/\/kingdom-of-albion.de\/index.php\/author\/foorbie-wpadmin\/\">admin<\/a><\/p><div class=\"o-posts-grid-post-description\"><p>Da Kira am vorigen Abend sich nicht mehr von Christobals \u00dcberschwang, und seinem Cider, erholt hatte\u2026<\/p><\/div><\/div><\/div><\/div><div class=\"o-posts-grid-post-blog o-posts-grid-post-plain\"><div class=\"o-posts-grid-post\"><div class=\"o-posts-grid-post-body is-full\"><span class=\"o-posts-grid-post-category\"><a href=\"https:\/\/kingdom-of-albion.de\/index.php\/category\/buch-2\/\">Buch 2<\/a><\/span><h4 class=\"o-posts-grid-post-title\"><a href=\"https:\/\/kingdom-of-albion.de\/index.php\/2025\/01\/12\/bodenkontakt-30-lunar-mafuristag\/\">Bodenkontakt &#8211; 30. Lunar (Mafuristag)<\/a><\/h4><p class=\"o-posts-grid-post-meta\">Posted on <time datetime=\"2025-01-12T18:38:06+00:00\">Januar 12, 2025<\/time> by <a href=\"https:\/\/kingdom-of-albion.de\/index.php\/author\/foorbie-wpadmin\/\">admin<\/a><\/p><div class=\"o-posts-grid-post-description\"><p>Am Abend half Kira William in der K\u00fcche. Sie war mittags eine Weile im Garten gewesen, wo er sie auf\u2026<\/p><\/div><\/div><\/div><\/div><div class=\"o-posts-grid-post-blog o-posts-grid-post-plain\"><div class=\"o-posts-grid-post\"><div class=\"o-posts-grid-post-body is-full\"><span class=\"o-posts-grid-post-category\"><a href=\"https:\/\/kingdom-of-albion.de\/index.php\/category\/buch-2\/\">Buch 2<\/a><\/span><h4 class=\"o-posts-grid-post-title\"><a href=\"https:\/\/kingdom-of-albion.de\/index.php\/2025\/01\/19\/exotische-magie-4-firn-242-silenz\/\">Exotische Magie &#8211; 4. Firn 242 (Silenz)<\/a><\/h4><p class=\"o-posts-grid-post-meta\">Posted on <time datetime=\"2025-01-19T18:38:51+00:00\">Januar 19, 2025<\/time> by <a href=\"https:\/\/kingdom-of-albion.de\/index.php\/author\/foorbie-wpadmin\/\">admin<\/a><\/p><div class=\"o-posts-grid-post-description\"><p>Einige Tage sp\u00e4ter, am Silenz, sa\u00df Kira im Wintergarten und beobachtete Tobey, der im Beet herum kro\u2026<\/p><\/div><\/div><\/div><\/div><div class=\"o-posts-grid-post-blog o-posts-grid-post-plain\"><div class=\"o-posts-grid-post\"><div class=\"o-posts-grid-post-body is-full\"><span class=\"o-posts-grid-post-category\"><a href=\"https:\/\/kingdom-of-albion.de\/index.php\/category\/buch-2\/\">Buch 2<\/a><\/span><h4 class=\"o-posts-grid-post-title\"><a href=\"https:\/\/kingdom-of-albion.de\/index.php\/2025\/01\/26\/flater-orangentorte-4-firn-242-silenz\/\">Flater Orangentorte- 4. Firn 242 (Silenz)<\/a><\/h4><p class=\"o-posts-grid-post-meta\">Posted on <time datetime=\"2025-01-26T18:39:16+00:00\">Januar 26, 2025<\/time> by <a href=\"https:\/\/kingdom-of-albion.de\/index.php\/author\/foorbie-wpadmin\/\">admin<\/a><\/p><div class=\"o-posts-grid-post-description\"><p>&nbsp;Mit dem neuen Oberteil mit dem feinen gr\u00fcnen und wei\u00dfen Bl\u00fctenmuster, dass Abby erst vor wenig\u2026<\/p><\/div><\/div><\/div><\/div><div class=\"o-posts-grid-post-blog o-posts-grid-post-plain\"><div class=\"o-posts-grid-post\"><div class=\"o-posts-grid-post-body is-full\"><span class=\"o-posts-grid-post-category\"><a href=\"https:\/\/kingdom-of-albion.de\/index.php\/category\/buch-2\/\">Buch 2<\/a><\/span><h4 class=\"o-posts-grid-post-title\"><a href=\"https:\/\/kingdom-of-albion.de\/index.php\/2025\/02\/02\/gegenspionage-6-firn-242-mafuristag\/\">Gegenspionage &#8211; 6. Firn 242 (Mafuristag)<\/a><\/h4><p class=\"o-posts-grid-post-meta\">Posted on <time datetime=\"2025-02-02T18:39:42+00:00\">Februar 2, 2025<\/time> by <a href=\"https:\/\/kingdom-of-albion.de\/index.php\/author\/foorbie-wpadmin\/\">admin<\/a><\/p><div class=\"o-posts-grid-post-description\"><p>Am Mirasmorgen lie\u00df Kira sich von Abigail wecken, sobald diese ins Haus kam. Am Abend des Silenz war\u2026<\/p><\/div><\/div><\/div><\/div><div class=\"o-posts-grid-post-blog o-posts-grid-post-plain\"><div class=\"o-posts-grid-post\"><div class=\"o-posts-grid-post-body is-full\"><span class=\"o-posts-grid-post-category\"><a href=\"https:\/\/kingdom-of-albion.de\/index.php\/category\/buch-2\/\">Buch 2<\/a><\/span><h4 class=\"o-posts-grid-post-title\"><a href=\"https:\/\/kingdom-of-albion.de\/index.php\/2025\/02\/09\/quatsch-machen-10-firn-242-silenz\/\">Quatsch machen &#8211; 10. Firn 242 (Silenz)<\/a><\/h4><p class=\"o-posts-grid-post-meta\">Posted on <time datetime=\"2025-02-09T18:40:14+00:00\">Februar 9, 2025<\/time> by <a href=\"https:\/\/kingdom-of-albion.de\/index.php\/author\/foorbie-wpadmin\/\">admin<\/a><\/p><div class=\"o-posts-grid-post-description\"><p>Sebastian zeigte sich am n\u00e4chsten Tag hinreichend beeindruckt von Kiras leisem Bericht, den sie ihm \u2026<\/p><\/div><\/div><\/div><\/div><div class=\"o-posts-grid-post-blog o-posts-grid-post-plain\"><div class=\"o-posts-grid-post\"><div class=\"o-posts-grid-post-image\"><a href=\"https:\/\/kingdom-of-albion.de\/index.php\/2025\/02\/16\/waldrauschen-10-firn-242-silenz\/\"><img loading=\"lazy\" decoding=\"async\" width=\"1024\" height=\"1024\" src=\"https:\/\/kingdom-of-albion.de\/wp-content\/uploads\/2024\/12\/foorbie_httpss.mj_.runJNXRa4cuWNQ_httpss.mj_.runQPvDfXw1oIU_htt_8a5b8805-96c6-4826-b3b4-8252663fa5df_0.png\" class=\"attachment-full size-full\" alt=\"Waldrauschen &#8211; 10. Firn 242 (Silenz)\" srcset=\"https:\/\/kingdom-of-albion.de\/wp-content\/uploads\/2024\/12\/foorbie_httpss.mj_.runJNXRa4cuWNQ_httpss.mj_.runQPvDfXw1oIU_htt_8a5b8805-96c6-4826-b3b4-8252663fa5df_0.png 1024w, https:\/\/kingdom-of-albion.de\/wp-content\/uploads\/2024\/12\/foorbie_httpss.mj_.runJNXRa4cuWNQ_httpss.mj_.runQPvDfXw1oIU_htt_8a5b8805-96c6-4826-b3b4-8252663fa5df_0-300x300.png 300w, https:\/\/kingdom-of-albion.de\/wp-content\/uploads\/2024\/12\/foorbie_httpss.mj_.runJNXRa4cuWNQ_httpss.mj_.runQPvDfXw1oIU_htt_8a5b8805-96c6-4826-b3b4-8252663fa5df_0-150x150.png 150w, https:\/\/kingdom-of-albion.de\/wp-content\/uploads\/2024\/12\/foorbie_httpss.mj_.runJNXRa4cuWNQ_httpss.mj_.runQPvDfXw1oIU_htt_8a5b8805-96c6-4826-b3b4-8252663fa5df_0-768x768.png 768w\" sizes=\"(max-width: 1024px) 100vw, 1024px\" \/><\/a><\/div><div class=\"o-posts-grid-post-body\"><span class=\"o-posts-grid-post-category\"><a href=\"https:\/\/kingdom-of-albion.de\/index.php\/category\/buch-2\/\">Buch 2<\/a><\/span><h4 class=\"o-posts-grid-post-title\"><a href=\"https:\/\/kingdom-of-albion.de\/index.php\/2025\/02\/16\/waldrauschen-10-firn-242-silenz\/\">Waldrauschen &#8211; 10. Firn 242 (Silenz)<\/a><\/h4><p class=\"o-posts-grid-post-meta\">Posted on <time datetime=\"2025-02-16T18:40:48+00:00\">Februar 16, 2025<\/time> by <a href=\"https:\/\/kingdom-of-albion.de\/index.php\/author\/foorbie-wpadmin\/\">admin<\/a><\/p><div class=\"o-posts-grid-post-description\"><p>Der Weg zog sich in kleinen Windungen erst durch die H\u00fcgel, dann steiler einen Hang hinauf. Kira nah\u2026<\/p><\/div><\/div><\/div><\/div><div class=\"o-posts-grid-post-blog o-posts-grid-post-plain\"><div class=\"o-posts-grid-post\"><div class=\"o-posts-grid-post-body is-full\"><span class=\"o-posts-grid-post-category\"><a href=\"https:\/\/kingdom-of-albion.de\/index.php\/category\/buch-2\/\">Buch 2<\/a><\/span><h4 class=\"o-posts-grid-post-title\"><a href=\"https:\/\/kingdom-of-albion.de\/index.php\/2025\/02\/23\/neue-freunde-neue-geheimnisse-11-13-firn-242-uldumstag\/\">Neue Freunde, neue Geheimnisse 11-13. Firn 242 (Uldumstag)<\/a><\/h4><p class=\"o-posts-grid-post-meta\">Posted on <time datetime=\"2025-02-23T18:41:28+00:00\">Februar 23, 2025<\/time> by <a href=\"https:\/\/kingdom-of-albion.de\/index.php\/author\/foorbie-wpadmin\/\">admin<\/a><\/p><div class=\"o-posts-grid-post-description\"><p>Am Mirastag begleitete Mitras Kira auf dem Weg zum Matheunterricht, um dann zu Nathanael weiter zu f\u2026<\/p><\/div><\/div><\/div><\/div><div class=\"o-posts-grid-post-blog o-posts-grid-post-plain\"><div class=\"o-posts-grid-post\"><div class=\"o-posts-grid-post-body is-full\"><span class=\"o-posts-grid-post-category\"><a href=\"https:\/\/kingdom-of-albion.de\/index.php\/category\/buch-3\/\">Buch 3<\/a><\/span><h4 class=\"o-posts-grid-post-title\"><a href=\"https:\/\/kingdom-of-albion.de\/index.php\/2025\/03\/23\/musterschuelerin-14-firn-15-firn-242-ingastag\/\">Mustersch\u00fclerin &#8211; 14. Firn &#8211; 15. Firn 242 (Ingastag)<\/a><\/h4><p class=\"o-posts-grid-post-meta\">Posted on <time datetime=\"2025-03-23T19:35:45+00:00\">M\u00e4rz 23, 2025<\/time> by <a href=\"https:\/\/kingdom-of-albion.de\/index.php\/author\/kira\/\">Kira<\/a><\/p><div class=\"o-posts-grid-post-description\"><p>Mitras sa\u00df in seinem Bett, ein Buch in der Hand, als die T\u00fcr aufging. Ohne ein Wort zu sagen kam Kir\u2026<\/p><\/div><\/div><\/div><\/div><div class=\"o-posts-grid-post-blog o-posts-grid-post-plain\"><div class=\"o-posts-grid-post\"><div class=\"o-posts-grid-post-body is-full\"><span class=\"o-posts-grid-post-category\"><a href=\"https:\/\/kingdom-of-albion.de\/index.php\/category\/buch-3\/\">Buch 3<\/a><\/span><h4 class=\"o-posts-grid-post-title\"><a href=\"https:\/\/kingdom-of-albion.de\/index.php\/2025\/03\/30\/der-springende-punkt-21-firn-242-schengstag\/\">Der springende Punkt &#8211; 21. Firn 242 (Schengstag)<\/a><\/h4><p class=\"o-posts-grid-post-meta\">Posted on <time datetime=\"2025-03-30T19:49:29+00:00\">M\u00e4rz 30, 2025<\/time> by <a href=\"https:\/\/kingdom-of-albion.de\/index.php\/author\/kira\/\">Kira<\/a><\/p><div class=\"o-posts-grid-post-description\"><p>Am Uldumstag brachte Kira Sebastian sein Buch zur\u00fcck. Sie wich seinen Fragen dazu erfolgreich aus, s\u2026<\/p><\/div><\/div><\/div><\/div><div class=\"o-posts-grid-post-blog o-posts-grid-post-plain\"><div class=\"o-posts-grid-post\"><div class=\"o-posts-grid-post-body is-full\"><span class=\"o-posts-grid-post-category\"><a href=\"https:\/\/kingdom-of-albion.de\/index.php\/category\/buch-3\/\">Buch 3<\/a><\/span><h4 class=\"o-posts-grid-post-title\"><a href=\"https:\/\/kingdom-of-albion.de\/index.php\/2025\/04\/06\/wuensche-21-firn-242-schengstag\/\">W\u00fcnsche 21. Firn 242 (Schengstag)<\/a><\/h4><p class=\"o-posts-grid-post-meta\">Posted on <time datetime=\"2025-04-06T19:49:49+00:00\">April 6, 2025<\/time> by <a href=\"https:\/\/kingdom-of-albion.de\/index.php\/author\/kira\/\">Kira<\/a><\/p><div class=\"o-posts-grid-post-description\"><p>W\u00e4hrend William Milch kochte und den Pudding vorbereitete, sa\u00df Kira auf einem Stuhl in der K\u00fcche, au\u2026<\/p><\/div><\/div><\/div><\/div><div class=\"o-posts-grid-post-blog o-posts-grid-post-plain\"><div class=\"o-posts-grid-post\"><div class=\"o-posts-grid-post-body is-full\"><span class=\"o-posts-grid-post-category\"><a href=\"https:\/\/kingdom-of-albion.de\/index.php\/category\/buch-3\/\">Buch 3<\/a><\/span><h4 class=\"o-posts-grid-post-title\"><a href=\"https:\/\/kingdom-of-albion.de\/index.php\/2025\/04\/13\/festmahl-22-firn-242-silenz\/\">Festmahl 22.Firn. 242 (Silenz)<\/a><\/h4><p class=\"o-posts-grid-post-meta\">Posted on <time datetime=\"2025-04-13T19:50:33+00:00\">April 13, 2025<\/time> by <a href=\"https:\/\/kingdom-of-albion.de\/index.php\/author\/kira\/\">Kira<\/a><\/p><div class=\"o-posts-grid-post-description\"><p>Am Morgen des Silenz verschlief Kira &#8211; was kein Wunder war, da sie wirklich lange gebraucht ha\u2026<\/p><\/div><\/div><\/div><\/div><div class=\"o-posts-grid-post-blog o-posts-grid-post-plain\"><div class=\"o-posts-grid-post\"><div class=\"o-posts-grid-post-body is-full\"><span class=\"o-posts-grid-post-category\"><a href=\"https:\/\/kingdom-of-albion.de\/index.php\/category\/buch-3\/\">Buch 3<\/a><\/span><h4 class=\"o-posts-grid-post-title\"><a href=\"https:\/\/kingdom-of-albion.de\/index.php\/2025\/04\/20\/kriegsrat-23-firn-242-mirastag-bis-28-firn-silenz\/\">Kriegsrat 23. Firn 242 (Mirastag) bis 28. Firn (Silenz)<\/a><\/h4><p class=\"o-posts-grid-post-meta\">Posted on <time datetime=\"2025-04-20T19:51:12+00:00\">April 20, 2025<\/time> by <a href=\"https:\/\/kingdom-of-albion.de\/index.php\/author\/kira\/\">Kira<\/a><\/p><div class=\"o-posts-grid-post-description\"><p>Im Laufe des Mafuristags normalisierte sich das Leben im Haus langsam wieder. Oder vielmehr hatte Mi\u2026<\/p><\/div><\/div><\/div><\/div><div class=\"o-posts-grid-post-blog o-posts-grid-post-plain\"><div class=\"o-posts-grid-post\"><div class=\"o-posts-grid-post-body is-full\"><span class=\"o-posts-grid-post-category\"><a href=\"https:\/\/kingdom-of-albion.de\/index.php\/category\/buch-3\/\">Buch 3<\/a><\/span><h4 class=\"o-posts-grid-post-title\"><a href=\"https:\/\/kingdom-of-albion.de\/index.php\/2025\/04\/27\/jahresabschluss-29-firn-miras\/\">Jahresabschluss 29.Firn (Miras)<\/a><\/h4><p class=\"o-posts-grid-post-meta\">Posted on <time datetime=\"2025-04-27T19:51:52+00:00\">April 27, 2025<\/time> by <a href=\"https:\/\/kingdom-of-albion.de\/index.php\/author\/kira\/\">Kira<\/a><\/p><div class=\"o-posts-grid-post-description\"><p>Mitras hatte die ganze Woche gebraucht, um die Unterlagen f\u00fcr die Patentsanmeldung zu vervollst\u00e4ndig\u2026<\/p><\/div><\/div><\/div><\/div><div class=\"o-posts-grid-post-blog o-posts-grid-post-plain\"><div class=\"o-posts-grid-post\"><div class=\"o-posts-grid-post-body is-full\"><span class=\"o-posts-grid-post-category\"><a href=\"https:\/\/kingdom-of-albion.de\/index.php\/category\/buch-3\/\">Buch 3<\/a><\/span><h4 class=\"o-posts-grid-post-title\"><a href=\"https:\/\/kingdom-of-albion.de\/index.php\/2025\/05\/04\/haifischbecken-30-firn-242-mafuristag\/\">Haifischbecken &#8211; 30.Firn 242 (Mafuristag)<\/a><\/h4><p class=\"o-posts-grid-post-meta\">Posted on <time datetime=\"2025-05-04T19:52:23+00:00\">Mai 4, 2025<\/time> by <a href=\"https:\/\/kingdom-of-albion.de\/index.php\/author\/kira\/\">Kira<\/a><\/p><div class=\"o-posts-grid-post-description\"><p>Zur Mittagsstunde des Mafuristages, des vorletzten Tages dieses Jahres, brachen Kira und Mitras auf.\u2026<\/p><\/div><\/div><\/div><\/div><div class=\"o-posts-grid-post-blog o-posts-grid-post-plain\"><div class=\"o-posts-grid-post\"><div class=\"o-posts-grid-post-body is-full\"><span class=\"o-posts-grid-post-category\"><a href=\"https:\/\/kingdom-of-albion.de\/index.php\/category\/buch-3\/\">Buch 3<\/a><\/span><h4 class=\"o-posts-grid-post-title\"><a href=\"https:\/\/kingdom-of-albion.de\/index.php\/2025\/05\/11\/wie-ein-baum-30-firn-242-mafuristag\/\">Wie ein Baum &#8211; 30. Firn 242 (Mafuristag)<\/a><\/h4><p class=\"o-posts-grid-post-meta\">Posted on <time datetime=\"2025-05-11T19:55:44+00:00\">Mai 11, 2025<\/time> by <a href=\"https:\/\/kingdom-of-albion.de\/index.php\/author\/kira\/\">Kira<\/a><\/p><div class=\"o-posts-grid-post-description\"><p>Kurz bevor sie zu Hause ankamen, wurde Mitras etwas bewusst. Er hatte damals gar nicht die Zeit geha\u2026<\/p><\/div><\/div><\/div><\/div><div class=\"o-posts-grid-post-blog o-posts-grid-post-plain\"><div class=\"o-posts-grid-post\"><div class=\"o-posts-grid-post-body is-full\"><span class=\"o-posts-grid-post-category\"><a href=\"https:\/\/kingdom-of-albion.de\/index.php\/category\/buch-3\/\">Buch 3<\/a><\/span><h4 class=\"o-posts-grid-post-title\"><a href=\"https:\/\/kingdom-of-albion.de\/index.php\/2025\/05\/18\/ehre-den-alten-borastag-242-uldumstag\/\">Ehre den Alten &#8211; Borastag 242 (Uldumstag)<\/a><\/h4><p class=\"o-posts-grid-post-meta\">Posted on <time datetime=\"2025-05-18T19:56:00+00:00\">Mai 18, 2025<\/time> by <a href=\"https:\/\/kingdom-of-albion.de\/index.php\/author\/kira\/\">Kira<\/a><\/p><div class=\"o-posts-grid-post-description\"><p>Mitras erwachte fr\u00fch am n\u00e4chsten Morgen, immer noch unter dem Eindruck, den der Kuss bei ihm hinterl\u2026<\/p><\/div><\/div><\/div><\/div><div class=\"o-posts-grid-post-blog o-posts-grid-post-plain\"><div class=\"o-posts-grid-post\"><div class=\"o-posts-grid-post-body is-full\"><span class=\"o-posts-grid-post-category\"><a href=\"https:\/\/kingdom-of-albion.de\/index.php\/category\/buch-3\/\">Buch 3<\/a><\/span><h4 class=\"o-posts-grid-post-title\"><a href=\"https:\/\/kingdom-of-albion.de\/index.php\/2025\/05\/25\/hexenblut-neujahrsnacht-243-ingastag\/\">Hexenblut &#8211; Neujahrsnacht 243 (Ingastag)<\/a><\/h4><p class=\"o-posts-grid-post-meta\">Posted on <time datetime=\"2025-05-25T19:57:24+00:00\">Mai 25, 2025<\/time> by <a href=\"https:\/\/kingdom-of-albion.de\/index.php\/author\/kira\/\">Kira<\/a><\/p><div class=\"o-posts-grid-post-description\"><p>Wellen. Fasziniert betrachtete Kira das klare Wasser, in dem sich die Sterne spiegelten. Das Wasser \u2026<\/p><\/div><\/div><\/div><\/div><\/div> <\/div>","protected":false},"excerpt":{"rendered":"","protected":false},"author":1,"featured_media":0,"parent":0,"menu_order":0,"comment_status":"closed","ping_status":"closed","template":"","meta":{"_themeisle_gutenberg_block_has_review":false,"footnotes":""},"class_list":["post-2","page","type-page","status-publish","hentry"],"_links":{"self":[{"href":"https:\/\/kingdom-of-albion.de\/index.php\/wp-json\/wp\/v2\/pages\/2","targetHints":{"allow":["GET"]}}],"collection":[{"href":"https:\/\/kingdom-of-albion.de\/index.php\/wp-json\/wp\/v2\/pages"}],"about":[{"href":"https:\/\/kingdom-of-albion.de\/index.php\/wp-json\/wp\/v2\/types\/page"}],"author":[{"embeddable":true,"href":"https:\/\/kingdom-of-albion.de\/index.php\/wp-json\/wp\/v2\/users\/1"}],"replies":[{"embeddable":true,"href":"https:\/\/kingdom-of-albion.de\/index.php\/wp-json\/wp\/v2\/comments?post=2"}],"version-history":[{"count":2,"href":"https:\/\/kingdom-of-albion.de\/index.php\/wp-json\/wp\/v2\/pages\/2\/revisions"}],"predecessor-version":[{"id":28,"href":"https:\/\/kingdom-of-albion.de\/index.php\/wp-json\/wp\/v2\/pages\/2\/revisions\/28"}],"wp:attachment":[{"href":"https:\/\/kingdom-of-albion.de\/index.php\/wp-json\/wp\/v2\/media?parent=2"}],"curies":[{"name":"wp","href":"https:\/\/api.w.org\/{rel}","templated":true}]}}